{"id":198,"date":"2015-11-25T11:02:36","date_gmt":"2015-11-25T10:02:36","guid":{"rendered":"http:\/\/cieacova.blogs.upv.es\/?page_id=198"},"modified":"2026-04-28T11:52:32","modified_gmt":"2026-04-28T10:52:32","slug":"convocatories-dexamens","status":"publish","type":"page","link":"https:\/\/cieacova.com\/","title":{"rendered":"Convocat\u00f2ries d&#8217;ex\u00e0mens"},"content":{"rendered":"<p class=\"Standard\">En aquest espai es publiquen totes les convocat\u00f2ries marc aprovades de la CIEACOVA. Entre altra informaci\u00f3 important, aquests documents ens diuen quines universitats hi participen i en quins nivells, aix\u00ed com el calendari de les proves, dates dels ex\u00e0mens i terminis d&#8217;inscripci\u00f3 inclosos.<\/p>\n<p class=\"Standard\">Quan no hi ha cap convocat\u00f2ria publicada per al futur pr\u00f2xim \u00e9s perqu\u00e8 no n&#8217;hi ha cap d&#8217;aprovada en el moment de la consulta i, per tant, no es pot informar sobre el calendari o les universitats que hi participaran, ni en aquest espai ni via formulari de contacte. En aquestes circumst\u00e0ncies, les convocat\u00f2ries anteriors ens poden donar una idea aproximada de quins podrien ser el contingut i el calendari de la pr\u00f2xima convocat\u00f2ria, aix\u00ed com de quines universitats probablement hi participaran. Sempre, per\u00f2, cal tenir present que no ho sabrem cert fins que s&#8217;aprove la convocat\u00f2ria marc corresponent i que quan s&#8217;aprove, per a coneixement general, es publicar\u00e0 en aquesta p\u00e0gina web.<\/p>\n<p><a href=\"https:\/\/cieacova.com\/wp-content\/uploads\/2026\/04\/26-04-MODIFICACIO-CONVOCATORIA-MARC-MAIG-JUNY-2026-signat.pdf\">Modificaci\u00f3 convocat\u00f2ria marc de les proves de maig-juny de 2026<\/a><\/p>\n<p><a href=\"https:\/\/cieacova.com\/wp-content\/uploads\/2026\/01\/CONVOCATORIA-MARC-MAIG-JUNY-2026-6-APROVADA-22_12_2025_SIGNADA.pdf\">Convocat\u00f2ria marc de les proves de maig-juny de 2026<\/a><\/p>\n<p><a href=\"https:\/\/cieacova.com\/wp-content\/uploads\/2025\/09\/Convocatoria-gener-2026.pdf\" target=\"_blank\" rel=\"noopener\">Convocat\u00f2ria marc de les proves de gener de 2026<\/a><\/p>\n<p><a href=\"https:\/\/cieacova.com\/wp-content\/uploads\/2025\/05\/Convocatoria-marc-maig-juny-2025_Modificacio-1.pdf\">Modificaci\u00f3 de la convocat\u00f2ria marc de les proves de maig-juny de 2025<\/a><\/p>\n<p><a href=\"https:\/\/cieacova.webs.upv.es\/wp-content\/uploads\/2025\/03\/CONVOCATORIA-MARC-MAIG-JUNY-2025.pdf\">Convocat\u00f2ria marc de les proves de maig-juny de 2025<\/a><\/p>\n<p><a href=\"https:\/\/cieacova.webs.upv.es\/wp-content\/uploads\/2025\/03\/Modificacio\u0301-convocatoria-gener-2025.pdf\">Modificaci\u00f3 2 de la Convocat\u00f2ria marc de les proves de gener de 2025<\/a><\/p>\n<p><a href=\"https:\/\/cieacova.webs.upv.es\/wp-content\/uploads\/2024\/11\/Modificacio-de-lACORD-de-12-de-setembre-de-2024.pdf\"><span data-olk-copy-source=\"MessageBody\">Modificaci\u00f3 de la Convocat\u00f2ria marc de les proves de gener de 2025<\/span><\/a><\/p>\n<p><a href=\"https:\/\/cieacova.webs.upv.es\/wp-content\/uploads\/2024\/10\/CONVOCATORIA-MARC-gener-2025.pdf\">Convocat\u00f2ria marc de les proves de gener de 2025<\/a><\/p>\n<p><a href=\"https:\/\/cieacova.webs.upv.es\/wp-content\/uploads\/2024\/03\/CONVOCATO\u0300RIA-MARC-MAIG-JUNY-2024.pdf\">Convocat\u00f2ria marc de les proves de maig-juny de 2024<\/a><\/p>\n<p><a href=\"https:\/\/cieacova.webs.upv.es\/wp-content\/uploads\/2024\/04\/Correccio-derrades-de-lACORD-d11-de-marc-de-2024.pdf\">Correcci\u00f3 d\u2019errades de la convocat\u00f2ria marc de les proves de maig-juny de 2024<\/a><\/p>\n<p><a href=\"https:\/\/cieacova.webs.upv.es\/wp-content\/uploads\/2023\/09\/CONVOCATO\u0300RIA-MARC-GENER-24_APROVADA-ACTUALITZADA.pdf\">Convocat\u00f2ria marc de les proves gener de 2024<\/a><\/p>\n<p><a href=\"https:\/\/cieacova.webs.upv.es\/wp-content\/uploads\/2023\/02\/CONVOCATO\u0300RIA-MARC-MAIG-JUNY-2023-aprovada.pdf\">Convocat\u00f2ria marc de les proves maig-juny de 2023<\/a><\/p>\n<p><span style=\"color: #ff0000;\"><strong>CONSULTEU-NE LES NOVETATS 2023 <\/strong><\/span><a href=\"https:\/\/cieacova.webs.upv.es\/wp-content\/uploads\/2023\/11\/NOVETATS-MAIG-JUNY23.pdf\"><strong>AC\u00cd<\/strong><\/a><\/p>\n<div class=\"\"><a href=\"https:\/\/cieacova.webs.upv.es\/wp-content\/uploads\/2023\/02\/Correccio\u0301-derrades_convoc_maig_juny_23.pdf\">Correcci\u00f3 d\u2019errades de la convocat\u00f2ria marc de les proves de maig-juny de 2023<\/a><\/div>\n<p><a href=\"https:\/\/cieacova.webs.upv.es\/wp-content\/uploads\/2022\/10\/CONVOCATO\u0300RIA-MARC-GENER-signada.pdf\">Convocat\u00f2ria marc de les proves de gener de 2023<\/a><\/p>\n<p><a href=\"https:\/\/cieacova.webs.upv.es\/wp-content\/uploads\/2022\/11\/Correccio-errades-2022.11.02-conv-gener-2023.pdf\">Correcci\u00f3 d&#8217;errades de la convocat\u00f2ria marc de les proves de gener de 2023<\/a><\/p>\n<p><a href=\"https:\/\/cieacova.webs.upv.es\/wp-content\/uploads\/2022\/03\/CONVOCATO\u0300RIA-MARC-MAIG-JUNY-2022-signat.pdf\">Convocat\u00f2ria marc de les proves maig-juny de 2022<\/a><\/p>\n<p><a href=\"https:\/\/cieacova.webs.upv.es\/wp-content\/uploads\/2022\/06\/Correccio\u0301-derrades-2022.06.01.pdf\">Correcci\u00f3 d\u2019errades de la convocat\u00f2ria marc de les proves de maig-juny de 2022<\/a><\/p>\n<p><a href=\"https:\/\/cieacova.webs.upv.es\/wp-content\/uploads\/2022\/07\/2a-Correccio\u0301-derrades.pdf\">2a Correcci\u00f3 d&#8217;errades de la convocat\u00f2ria marc de les proves de maig-juny de 2022<\/a><\/p>\n<p><span style=\"color: #ff0000;\"><strong>CONSULTEU-NE LES NOVETATS 2022<\/strong><strong>\u00a0<\/strong><a href=\"https:\/\/cieacova.webs.upv.es\/wp-content\/uploads\/2021\/11\/NOVETATS-GENER22.pdf\"><strong>AC\u00cd<\/strong><\/a><\/span><\/p>\n<p><a href=\"https:\/\/cieacova.webs.upv.es\/wp-content\/uploads\/2021\/10\/Convocatoria-marc-de-les-proves-de-gener-de-2022.pdf\">Convocat\u00f2ria marc de les proves de gener de 2022<\/a><\/p>\n<p><a href=\"https:\/\/cieacova.webs.upv.es\/wp-content\/uploads\/2021\/03\/Convocatoria-marc-de-les-proves-de-maig-juny-de-2021.pdf\">Convocatoria-marc-de-les-proves-de-maig-juny-de-2021<\/a><\/p>\n<p><a href=\"https:\/\/cieacova.webs.upv.es\/wp-content\/uploads\/2020\/10\/Convocatoria-marc-de-les-proves-de-gener-de-2021.pdf\">Convocat\u00f2ria marc de les proves de gener de 2021<\/a><\/p>\n<p><a href=\"https:\/\/cieacova.webs.upv.es\/wp-content\/uploads\/2020\/03\/convocatoria-marc-de-les-proves-de-maig-juny-2020v2.pdf\">Convocat\u00f2ria marc de les proves de maig-juny de 2020 (SUSPESES)<\/a><\/p>\n<p><a href=\"https:\/\/cieacova.webs.upv.es\/wp-content\/uploads\/2019\/09\/Convocato\u0300ria-marc-de-les-proves-de-gener-2020-1.pdf\">Convocat\u00f2ria marc de les proves de gener de 2020<\/a><\/p>\n<p><a href=\"https:\/\/cieacova.webs.upv.es\/wp-content\/uploads\/2019\/02\/convocato\u0300ria-marc-de-les-proves-de-maig-juny-2019.pdf\">Convocat\u00f2ria marc de les proves de maig-juny de 2019<\/a><\/p>\n<p><a href=\"https:\/\/cieacova.webs.upv.es\/wp-content\/uploads\/2018\/10\/convocato\u0300ria-marc-de-les-proves-de-gener-2019.pdf\">Convocat\u00f2ria marc de les proves de gener de 2019<\/a><\/p>\n<p><a href=\"https:\/\/cieacova.webs.upv.es\/wp-content\/uploads\/2018\/03\/convocato\u0300ria-marc-JUNY-2018.pdf\">Convocat\u00f2ria marc de les proves de juny de 2018<\/a><\/p>\n<p><a href=\"https:\/\/cieacova.webs.upv.es\/wp-content\/uploads\/2017\/11\/convocat\u00f2ria-marc-GENER-2018-2.pdf\">Convocat\u00f2ria marc de les proves de gener de 2018<\/a><\/p>\n<p><a href=\"https:\/\/cieacova.webs.upv.es\/wp-content\/uploads\/2015\/11\/Acord-Ple-Comissi\u00f3-Interuniversit\u00e0ria-2017_03_28.pdf\">Convocat\u00f2ria marc de les proves de maig i juny de 2017<\/a><\/p>\n<p><a href=\"https:\/\/cieacova.webs.upv.es\/wp-content\/uploads\/2015\/11\/Acord-Convocat\u00f2ria-marc-2016_11_21.pdf\">Convocat\u00f2ria marc de les proves de gener de 2017<\/a><\/p>\n<p><a href=\"https:\/\/cieacova.webs.upv.es\/wp-content\/uploads\/2015\/11\/Convocat\u00f2ria-marc-proves-de-setembre-2016.pdf\" rel=\"\">Convocat\u00f2ria marc proves de setembre 2016<\/a><\/p>\n<p>&nbsp;<\/p>\n<p><strong>Podeu accedir a la convocat\u00f2ria espec\u00edfica de cada universitat fent clic en el logo corresponent:<\/strong><\/p>\n<p style=\"padding-left: 5em;\"><a href=\"https:\/\/www.uv.es\/uvweb\/servei-politica-linguistica\/ca\/certificacio-llengues-capacitacions\/proves-valencia\/cieacova-1286003205180.html\"><img loading=\"lazy\" decoding=\"async\" class=\"alignnone\" src=\"https:\/\/cieacova.webs.upv.es\/wp-content\/uploads\/2015\/11\/3.png\" alt=\"Logo- UV\" width=\"178\" height=\"57\" \/><\/a>\u00a0<a href=\"http:\/\/www.upv.es\/entidades\/SPNL\/info\/991962normalv.html\"><img loading=\"lazy\" decoding=\"async\" class=\"alignnone wp-image-74\" src=\"http:\/\/cieacova.blogs.upv.es\/files\/2015\/11\/5-300x101.png\" alt=\"Logo- UPV\" width=\"175\" height=\"59\" srcset=\"https:\/\/cieacova.com\/wp-content\/uploads\/2015\/11\/5-300x101.png 300w, https:\/\/cieacova.com\/wp-content\/uploads\/2015\/11\/5-100x34.png 100w, https:\/\/cieacova.com\/wp-content\/uploads\/2015\/11\/5-150x51.png 150w, https:\/\/cieacova.com\/wp-content\/uploads\/2015\/11\/5.png 415w\" sizes=\"auto, (max-width: 175px) 100vw, 175px\" \/><\/a> <a href=\"https:\/\/sl.ua.es\/va\/acreditacio\/proves-d-acreditacio-de-valencia.html\"><img loading=\"lazy\" decoding=\"async\" class=\"alignnone wp-image-78\" src=\"http:\/\/cieacova.blogs.upv.es\/files\/2015\/11\/2-300x106.png\" alt=\"2\" width=\"168\" height=\"59\" srcset=\"https:\/\/cieacova.com\/wp-content\/uploads\/2015\/11\/2-300x106.png 300w, https:\/\/cieacova.com\/wp-content\/uploads\/2015\/11\/2-100x35.png 100w, https:\/\/cieacova.com\/wp-content\/uploads\/2015\/11\/2-150x53.png 150w, https:\/\/cieacova.com\/wp-content\/uploads\/2015\/11\/2.png 395w\" sizes=\"auto, (max-width: 168px) 100vw, 168px\" \/><\/a> <a href=\"https:\/\/www.uji.es\/serveis\/slt\/base\/formacio\/sdf\/acreditacio\/AcreditacioCieacova\/\"><img loading=\"lazy\" decoding=\"async\" class=\"alignnone wp-image-73\" src=\"http:\/\/cieacova.blogs.upv.es\/files\/2015\/11\/4-300x85.png\" alt=\"Logo- UJI\" width=\"208\" height=\"59\" srcset=\"https:\/\/cieacova.com\/wp-content\/uploads\/2015\/11\/4-300x85.png 300w, https:\/\/cieacova.com\/wp-content\/uploads\/2015\/11\/4-100x28.png 100w, https:\/\/cieacova.com\/wp-content\/uploads\/2015\/11\/4-150x42.png 150w, https:\/\/cieacova.com\/wp-content\/uploads\/2015\/11\/4.png 493w\" sizes=\"auto, (max-width: 208px) 100vw, 208px\" \/><\/a><\/p>\n<p style=\"padding-left: 15em;\"><a href=\"https:\/\/llengues.umh.es\/ \"><img loading=\"lazy\" decoding=\"async\" class=\"alignnone wp-image-77\" src=\"http:\/\/cieacova.blogs.upv.es\/files\/2015\/11\/1-300x128.png\" alt=\"1\" width=\"149\" height=\"64\" srcset=\"https:\/\/cieacova.com\/wp-content\/uploads\/2015\/11\/1-300x128.png 300w, https:\/\/cieacova.com\/wp-content\/uploads\/2015\/11\/1-100x43.png 100w, https:\/\/cieacova.com\/wp-content\/uploads\/2015\/11\/1-150x64.png 150w, https:\/\/cieacova.com\/wp-content\/uploads\/2015\/11\/1.png 325w\" sizes=\"auto, (max-width: 149px) 100vw, 149px\" \/><\/a> <a href=\"https:\/\/www.uchceu.es\/docs\/servicios\/idiomas\/convocatoria-especifica-cieacova-2026.pdf\"><img loading=\"lazy\" decoding=\"async\" class=\"alignnone wp-image-5852 \" src=\"https:\/\/cieacova.com\/wp-content\/uploads\/2026\/03\/AF-LOGO-CEU-PANTONE-JPG_Pagina_1-300x132.jpg\" alt=\"\" width=\"164\" height=\"72\" srcset=\"https:\/\/cieacova.com\/wp-content\/uploads\/2026\/03\/AF-LOGO-CEU-PANTONE-JPG_Pagina_1-300x132.jpg 300w, https:\/\/cieacova.com\/wp-content\/uploads\/2026\/03\/AF-LOGO-CEU-PANTONE-JPG_Pagina_1-1024x449.jpg 1024w, https:\/\/cieacova.com\/wp-content\/uploads\/2026\/03\/AF-LOGO-CEU-PANTONE-JPG_Pagina_1-768x337.jpg 768w, https:\/\/cieacova.com\/wp-content\/uploads\/2026\/03\/AF-LOGO-CEU-PANTONE-JPG_Pagina_1-1536x674.jpg 1536w, https:\/\/cieacova.com\/wp-content\/uploads\/2026\/03\/AF-LOGO-CEU-PANTONE-JPG_Pagina_1-2048x898.jpg 2048w, https:\/\/cieacova.com\/wp-content\/uploads\/2026\/03\/AF-LOGO-CEU-PANTONE-JPG_Pagina_1-100x44.jpg 100w, https:\/\/cieacova.com\/wp-content\/uploads\/2026\/03\/AF-LOGO-CEU-PANTONE-JPG_Pagina_1-150x66.jpg 150w\" sizes=\"auto, (max-width: 164px) 100vw, 164px\" \/><\/a> <a href=\"https:\/\/institutodelenguas.es\/cursos\/examenes-de-acreditacion\/cieacova\"><img loading=\"lazy\" decoding=\"async\" class=\"alignnone wp-image-75\" src=\"http:\/\/cieacova.blogs.upv.es\/files\/2015\/11\/6.png\" alt=\"Logo- UCV\" width=\"143\" height=\"70\" srcset=\"https:\/\/cieacova.com\/wp-content\/uploads\/2015\/11\/6.png 283w, https:\/\/cieacova.com\/wp-content\/uploads\/2015\/11\/6-100x49.png 100w, https:\/\/cieacova.com\/wp-content\/uploads\/2015\/11\/6-150x74.png 150w\" sizes=\"auto, (max-width: 143px) 100vw, 143px\" \/><\/a><\/p>\n","protected":false},"excerpt":{"rendered":"<p>En aquest espai es publiquen totes les convocat\u00f2ries marc aprovades de la CIEACOVA. Entre altra informaci\u00f3 important, aquests documents ens diuen quines universitats hi participen i en quins nivells, aix\u00ed com el calendari de les proves, dates dels ex\u00e0mens i terminis d&#8217;inscripci\u00f3 inclosos. Quan no hi ha cap convocat\u00f2ria publicada per al futur pr\u00f2xim \u00e9s&hellip;<\/p>\n","protected":false},"author":36902,"featured_media":0,"parent":0,"menu_order":50,"comment_status":"closed","ping_status":"closed","template":"","meta":{"footnotes":""},"class_list":["post-198","page","type-page","status-publish","hentry"],"yoast_head":"<!-- This site is optimized with the Yoast SEO plugin v27.5 - https:\/\/yoast.com\/product\/yoast-seo-wordpress\/ -->\n<title>Convocat\u00f2ries d&#039;ex\u00e0mens - CIEACOVA<\/title>\n<meta name=\"robots\" content=\"index, follow, max-snippet:-1, max-image-preview:large, max-video-preview:-1\" \/>\n<link rel=\"canonical\" href=\"https:\/\/cieacova.com\/\" \/>\n<meta property=\"og:locale\" content=\"ca_ES\" \/>\n<meta property=\"og:type\" content=\"article\" \/>\n<meta property=\"og:title\" content=\"Convocat\u00f2ries d&#039;ex\u00e0mens - CIEACOVA\" \/>\n<meta property=\"og:description\" content=\"En aquest espai es publiquen totes les convocat\u00f2ries marc aprovades de la CIEACOVA. Entre altra informaci\u00f3 important, aquests documents ens diuen quines universitats hi participen i en quins nivells, aix\u00ed com el calendari de les proves, dates dels ex\u00e0mens i terminis d&#8217;inscripci\u00f3 inclosos. Quan no hi ha cap convocat\u00f2ria publicada per al futur pr\u00f2xim \u00e9s&hellip;\" \/>\n<meta property=\"og:url\" content=\"https:\/\/cieacova.com\/\" \/>\n<meta property=\"og:site_name\" content=\"CIEACOVA\" \/>\n<meta property=\"article:modified_time\" content=\"2026-04-28T10:52:32+00:00\" \/>\n<meta property=\"og:image\" content=\"https:\/\/cieacova.webs.upv.es\/wp-content\/uploads\/2015\/11\/3.png\" \/>\n<meta name=\"twitter:card\" content=\"summary_large_image\" \/>\n<meta name=\"twitter:label1\" content=\"Temps estimat de lectura\" \/>\n\t<meta name=\"twitter:data1\" content=\"4 minuts\" \/>\n<script type=\"application\/ld+json\" class=\"yoast-schema-graph\">{\"@context\":\"https:\\\/\\\/schema.org\",\"@graph\":[{\"@type\":\"WebPage\",\"@id\":\"https:\\\/\\\/cieacova.com\\\/\",\"url\":\"https:\\\/\\\/cieacova.com\\\/\",\"name\":\"Convocat\u00f2ries d'ex\u00e0mens - CIEACOVA\",\"isPartOf\":{\"@id\":\"https:\\\/\\\/cieacova.com\\\/#website\"},\"primaryImageOfPage\":{\"@id\":\"https:\\\/\\\/cieacova.com\\\/#primaryimage\"},\"image\":{\"@id\":\"https:\\\/\\\/cieacova.com\\\/#primaryimage\"},\"thumbnailUrl\":\"https:\\\/\\\/cieacova.webs.upv.es\\\/wp-content\\\/uploads\\\/2015\\\/11\\\/3.png\",\"datePublished\":\"2015-11-25T10:02:36+00:00\",\"dateModified\":\"2026-04-28T10:52:32+00:00\",\"breadcrumb\":{\"@id\":\"https:\\\/\\\/cieacova.com\\\/#breadcrumb\"},\"inLanguage\":\"ca\",\"potentialAction\":[{\"@type\":\"ReadAction\",\"target\":[\"https:\\\/\\\/cieacova.com\\\/\"]}]},{\"@type\":\"ImageObject\",\"inLanguage\":\"ca\",\"@id\":\"https:\\\/\\\/cieacova.com\\\/#primaryimage\",\"url\":\"https:\\\/\\\/cieacova.webs.upv.es\\\/wp-content\\\/uploads\\\/2015\\\/11\\\/3.png\",\"contentUrl\":\"https:\\\/\\\/cieacova.webs.upv.es\\\/wp-content\\\/uploads\\\/2015\\\/11\\\/3.png\"},{\"@type\":\"BreadcrumbList\",\"@id\":\"https:\\\/\\\/cieacova.com\\\/#breadcrumb\",\"itemListElement\":[{\"@type\":\"ListItem\",\"position\":1,\"name\":\"Inici\",\"item\":\"https:\\\/\\\/cieacova.com\\\/\"},{\"@type\":\"ListItem\",\"position\":2,\"name\":\"Convocat\u00f2ries d&#8217;ex\u00e0mens\"}]},{\"@type\":\"WebSite\",\"@id\":\"https:\\\/\\\/cieacova.com\\\/#website\",\"url\":\"https:\\\/\\\/cieacova.com\\\/\",\"name\":\"CIEACOVA\",\"description\":\"P\u00e0gina del CIEACOVA\",\"potentialAction\":[{\"@type\":\"SearchAction\",\"target\":{\"@type\":\"EntryPoint\",\"urlTemplate\":\"https:\\\/\\\/cieacova.com\\\/?s={search_term_string}\"},\"query-input\":{\"@type\":\"PropertyValueSpecification\",\"valueRequired\":true,\"valueName\":\"search_term_string\"}}],\"inLanguage\":\"ca\"}]}<\/script>\n<!-- \/ Yoast SEO plugin. -->","yoast_head_json":{"title":"Convocat\u00f2ries d'ex\u00e0mens - CIEACOVA","robots":{"index":"index","follow":"follow","max-snippet":"max-snippet:-1","max-image-preview":"max-image-preview:large","max-video-preview":"max-video-preview:-1"},"canonical":"https:\/\/cieacova.com\/","og_locale":"ca_ES","og_type":"article","og_title":"Convocat\u00f2ries d'ex\u00e0mens - CIEACOVA","og_description":"En aquest espai es publiquen totes les convocat\u00f2ries marc aprovades de la CIEACOVA. Entre altra informaci\u00f3 important, aquests documents ens diuen quines universitats hi participen i en quins nivells, aix\u00ed com el calendari de les proves, dates dels ex\u00e0mens i terminis d&#8217;inscripci\u00f3 inclosos. Quan no hi ha cap convocat\u00f2ria publicada per al futur pr\u00f2xim \u00e9s&hellip;","og_url":"https:\/\/cieacova.com\/","og_site_name":"CIEACOVA","article_modified_time":"2026-04-28T10:52:32+00:00","og_image":[{"url":"https:\/\/cieacova.webs.upv.es\/wp-content\/uploads\/2015\/11\/3.png","type":"","width":"","height":""}],"twitter_card":"summary_large_image","twitter_misc":{"Temps estimat de lectura":"4 minuts"},"schema":{"@context":"https:\/\/schema.org","@graph":[{"@type":"WebPage","@id":"https:\/\/cieacova.com\/","url":"https:\/\/cieacova.com\/","name":"Convocat\u00f2ries d'ex\u00e0mens - CIEACOVA","isPartOf":{"@id":"https:\/\/cieacova.com\/#website"},"primaryImageOfPage":{"@id":"https:\/\/cieacova.com\/#primaryimage"},"image":{"@id":"https:\/\/cieacova.com\/#primaryimage"},"thumbnailUrl":"https:\/\/cieacova.webs.upv.es\/wp-content\/uploads\/2015\/11\/3.png","datePublished":"2015-11-25T10:02:36+00:00","dateModified":"2026-04-28T10:52:32+00:00","breadcrumb":{"@id":"https:\/\/cieacova.com\/#breadcrumb"},"inLanguage":"ca","potentialAction":[{"@type":"ReadAction","target":["https:\/\/cieacova.com\/"]}]},{"@type":"ImageObject","inLanguage":"ca","@id":"https:\/\/cieacova.com\/#primaryimage","url":"https:\/\/cieacova.webs.upv.es\/wp-content\/uploads\/2015\/11\/3.png","contentUrl":"https:\/\/cieacova.webs.upv.es\/wp-content\/uploads\/2015\/11\/3.png"},{"@type":"BreadcrumbList","@id":"https:\/\/cieacova.com\/#breadcrumb","itemListElement":[{"@type":"ListItem","position":1,"name":"Inici","item":"https:\/\/cieacova.com\/"},{"@type":"ListItem","position":2,"name":"Convocat\u00f2ries d&#8217;ex\u00e0mens"}]},{"@type":"WebSite","@id":"https:\/\/cieacova.com\/#website","url":"https:\/\/cieacova.com\/","name":"CIEACOVA","description":"P\u00e0gina del CIEACOVA","potentialAction":[{"@type":"SearchAction","target":{"@type":"EntryPoint","urlTemplate":"https:\/\/cieacova.com\/?s={search_term_string}"},"query-input":{"@type":"PropertyValueSpecification","valueRequired":true,"valueName":"search_term_string"}}],"inLanguage":"ca"}]}},"_links":{"self":[{"href":"https:\/\/cieacova.com\/index.php?rest_route=\/wp\/v2\/pages\/198","targetHints":{"allow":["GET"]}}],"collection":[{"href":"https:\/\/cieacova.com\/index.php?rest_route=\/wp\/v2\/pages"}],"about":[{"href":"https:\/\/cieacova.com\/index.php?rest_route=\/wp\/v2\/types\/page"}],"author":[{"embeddable":true,"href":"https:\/\/cieacova.com\/index.php?rest_route=\/wp\/v2\/users\/36902"}],"replies":[{"embeddable":true,"href":"https:\/\/cieacova.com\/index.php?rest_route=%2Fwp%2Fv2%2Fcomments&post=198"}],"version-history":[{"count":12,"href":"https:\/\/cieacova.com\/index.php?rest_route=\/wp\/v2\/pages\/198\/revisions"}],"predecessor-version":[{"id":5866,"href":"https:\/\/cieacova.com\/index.php?rest_route=\/wp\/v2\/pages\/198\/revisions\/5866"}],"wp:attachment":[{"href":"https:\/\/cieacova.com\/index.php?rest_route=%2Fwp%2Fv2%2Fmedia&parent=198"}],"curies":[{"name":"wp","href":"https:\/\/api.w.org\/{rel}","templated":true}]}}